{"id":7428,"date":"2026-07-13T16:52:18","date_gmt":"2026-07-13T14:52:18","guid":{"rendered":"https:\/\/objectifneuroinclusion.org\/?page_id=7428"},"modified":"2026-09-02T17:10:35","modified_gmt":"2026-09-02T15:10:35","slug":"ceremonie-24-septembre","status":"publish","type":"page","link":"https:\/\/objectifneuroinclusion.org\/en\/ceremonie-24-septembre\/","title":{"rendered":"C\u00e9r\u00e9monie du 24 septembre 2026"},"content":{"rendered":"\t\t<div data-elementor-type=\"wp-page\" data-elementor-id=\"7428\" class=\"elementor elementor-7428\" data-elementor-post-type=\"page\">\n\t\t\t\t<div class=\"elementor-element elementor-element-c93912a e-flex e-con-boxed wpr-particle-no wpr-jarallax-no wpr-parallax-no wpr-sticky-section-no wpr-column-slider-no wpr-equal-height-no e-con e-parent\" data-id=\"c93912a\" data-element_type=\"container\" data-e-type=\"container\" data-settings=\"{&quot;background_background&quot;:&quot;classic&quot;}\">\n\t\t\t\t\t<div class=\"e-con-inner\">\n\t\t\t\t<div class=\"elementor-element elementor-element-702bb38 elementor-widget elementor-widget-heading\" data-id=\"702bb38\" data-element_type=\"widget\" data-e-type=\"widget\" data-widget_type=\"heading.default\">\n\t\t\t\t<div class=\"elementor-widget-container\">\n\t\t\t\t\t<h5 class=\"elementor-heading-title elementor-size-default\">\u00c9v\u00e9nement - Inscrivez-vous avant le 21 septembre 2026<\/h5>\t\t\t\t<\/div>\n\t\t\t\t<\/div>\n\t\t\t\t<div class=\"elementor-element elementor-element-8d6f406 elementor-widget__width-initial elementor-widget elementor-widget-heading\" data-id=\"8d6f406\" data-element_type=\"widget\" data-e-type=\"widget\" data-widget_type=\"heading.default\">\n\t\t\t\t<div class=\"elementor-widget-container\">\n\t\t\t\t\t<h1 class=\"elementor-heading-title elementor-size-default\">C\u00e9l\u00e9brons ensemble 1 an d'engagement <br>autour de la neuroinclusion en entreprise<\/h1>\t\t\t\t<\/div>\n\t\t\t\t<\/div>\n\t\t\t\t<div class=\"elementor-element elementor-element-73d0376 elementor-widget elementor-widget-text-editor\" data-id=\"73d0376\" data-element_type=\"widget\" data-e-type=\"widget\" data-widget_type=\"text-editor.default\">\n\t\t\t\t<div class=\"elementor-widget-container\">\n\t\t\t\t\t\t\t\t\t<div class=\"oni-hero\"><div class=\"oni-hero\"><p class=\"oni-hero-body\">Le collectif Objectif Neuroinclusion c\u00e9l\u00e8bre un an d&#8217;engagement. Un temps fort pour partager nos avanc\u00e9es, \u00e9changer avec des expert\u00b7es et rencontrer les entreprises qui font vivre la neuroinclusion au quotidien, suivi d&#8217;un cocktail.<\/p><\/div><\/div>\t\t\t\t\t\t\t\t<\/div>\n\t\t\t\t<\/div>\n\t\t<div class=\"elementor-element elementor-element-e9db518 e-flex e-con-boxed wpr-particle-no wpr-jarallax-no wpr-parallax-no wpr-sticky-section-no wpr-column-slider-no wpr-equal-height-no e-con e-child\" data-id=\"e9db518\" data-element_type=\"container\" data-e-type=\"container\">\n\t\t\t\t\t<div class=\"e-con-inner\">\n\t\t\t\t<div class=\"elementor-element elementor-element-f419faa elementor-widget__width-initial elementor-widget elementor-widget-heading\" data-id=\"f419faa\" data-element_type=\"widget\" data-e-type=\"widget\" data-widget_type=\"heading.default\">\n\t\t\t\t<div class=\"elementor-widget-container\">\n\t\t\t\t\t<h6 class=\"elementor-heading-title elementor-size-default\">\ud83d\udcc5 Jeudi 24 septembre 2026\n<\/h6>\t\t\t\t<\/div>\n\t\t\t\t<\/div>\n\t\t\t\t<div class=\"elementor-element elementor-element-7f6e9ac elementor-widget__width-initial elementor-widget elementor-widget-heading\" data-id=\"7f6e9ac\" data-element_type=\"widget\" data-e-type=\"widget\" data-widget_type=\"heading.default\">\n\t\t\t\t<div class=\"elementor-widget-container\">\n\t\t\t\t\t<h6 class=\"elementor-heading-title elementor-size-default\"><img decoding=\"async\" role=\"img\" class=\"emoji\" alt=\"\ud83d\udd53\" src=\"https:\/\/s.w.org\/images\/core\/emoji\/17.0.2\/svg\/1f553.svg\"> Accueil d\u00e8s 14 h<br>C\u00e9r\u00e9monie de 14 h 15 \u00e0 18 h<\/h6>\t\t\t\t<\/div>\n\t\t\t\t<\/div>\n\t\t\t\t<div class=\"elementor-element elementor-element-6a1edbd elementor-widget__width-initial elementor-widget elementor-widget-heading\" data-id=\"6a1edbd\" data-element_type=\"widget\" data-e-type=\"widget\" data-widget_type=\"heading.default\">\n\t\t\t\t<div class=\"elementor-widget-container\">\n\t\t\t\t\t<h6 class=\"elementor-heading-title elementor-size-default\"><a href=\"https:\/\/maps.app.goo.gl\/i6m5QdWeDAq5RWKGA\">\ud83d\udccd Le Visionnaire - L'Or\u00e9al (14 rue Royale, Paris 8e)\n<\/a><\/h6>\t\t\t\t<\/div>\n\t\t\t\t<\/div>\n\t\t\t\t\t<\/div>\n\t\t\t\t<\/div>\n\t\t\t\t\t<\/div>\n\t\t\t\t<\/div>\n\t\t<div class=\"elementor-element elementor-element-bc269c6 e-con-full e-flex wpr-particle-no wpr-jarallax-no wpr-parallax-no wpr-sticky-section-no wpr-column-slider-no wpr-equal-height-no e-con e-parent\" data-id=\"bc269c6\" data-element_type=\"container\" data-e-type=\"container\">\n\t\t\t\t<\/div>\n\t\t<div class=\"elementor-element elementor-element-5a6709c e-flex e-con-boxed wpr-particle-no wpr-jarallax-no wpr-parallax-no wpr-sticky-section-no wpr-column-slider-no wpr-equal-height-no e-con e-parent\" data-id=\"5a6709c\" data-element_type=\"container\" data-e-type=\"container\" data-settings=\"{&quot;background_background&quot;:&quot;classic&quot;}\">\n\t\t\t\t\t<div class=\"e-con-inner\">\n\t\t\t\t<div class=\"elementor-element elementor-element-86493a2 elementor-align-left elementor-widget elementor-widget-breadcrumbs\" data-id=\"86493a2\" data-element_type=\"widget\" data-e-type=\"widget\" data-widget_type=\"breadcrumbs.default\">\n\t\t\t\t<div class=\"elementor-widget-container\">\n\t\t\t\t\t<nav id=\"breadcrumbs\"><span><span><a href=\"https:\/\/objectifneuroinclusion.org\/\">Home<\/a><\/span><\/span><\/nav>\t\t\t\t<\/div>\n\t\t\t\t<\/div>\n\t\t\t\t\t<\/div>\n\t\t\t\t<\/div>\n\t\t<div class=\"elementor-element elementor-element-00d5f6f e-grid e-con-boxed wpr-particle-no wpr-jarallax-no wpr-parallax-no wpr-sticky-section-no wpr-column-slider-no wpr-equal-height-no e-con e-parent\" data-id=\"00d5f6f\" data-element_type=\"container\" data-e-type=\"container\" data-settings=\"{&quot;background_background&quot;:&quot;classic&quot;}\">\n\t\t\t\t\t<div class=\"e-con-inner\">\n\t\t<div class=\"elementor-element elementor-element-0f3b6ce e-con-full e-flex wpr-particle-no wpr-jarallax-no wpr-parallax-no wpr-sticky-section-no wpr-column-slider-no wpr-equal-height-no e-con e-child\" data-id=\"0f3b6ce\" data-element_type=\"container\" data-e-type=\"container\">\n\t\t\t\t<div class=\"elementor-element elementor-element-94ba1d5 elementor-widget__width-initial elementor-widget elementor-widget-heading\" data-id=\"94ba1d5\" data-element_type=\"widget\" data-e-type=\"widget\" data-widget_type=\"heading.default\">\n\t\t\t\t<div class=\"elementor-widget-container\">\n\t\t\t\t\t<h5 class=\"elementor-heading-title elementor-size-default\">D\u00e9roul\u00e9<\/h5>\t\t\t\t<\/div>\n\t\t\t\t<\/div>\n\t\t\t\t<div class=\"elementor-element elementor-element-f6821cd elementor-widget__width-initial elementor-widget elementor-widget-heading\" data-id=\"f6821cd\" data-element_type=\"widget\" data-e-type=\"widget\" data-widget_type=\"heading.default\">\n\t\t\t\t<div class=\"elementor-widget-container\">\n\t\t\t\t\t<h3 class=\"elementor-heading-title elementor-size-default\">Programme de la journ\u00e9e<\/h3>\t\t\t\t<\/div>\n\t\t\t\t<\/div>\n\t\t<div class=\"elementor-element elementor-element-910f1d3 e-con-full e-flex wpr-particle-no wpr-jarallax-no wpr-parallax-no wpr-sticky-section-no wpr-column-slider-no wpr-equal-height-no e-con e-child\" data-id=\"910f1d3\" data-element_type=\"container\" data-e-type=\"container\" data-settings=\"{&quot;background_background&quot;:&quot;classic&quot;}\">\n\t\t\t\t<div class=\"elementor-element elementor-element-15eaedc elementor-widget elementor-widget-text-editor\" data-id=\"15eaedc\" data-element_type=\"widget\" data-e-type=\"widget\" data-widget_type=\"text-editor.default\">\n\t\t\t\t<div class=\"elementor-widget-container\">\n\t\t\t\t\t\t\t\t\t<p class=\"oni-section-intro\">Programme indicatif, en cours de finalisation avec le comit\u00e9 de pilotage.<\/p>\t\t\t\t\t\t\t\t<\/div>\n\t\t\t\t<\/div>\n\t\t\t\t<div class=\"elementor-element elementor-element-df0c5b9 wpr-price-list-old-position-before elementor-widget elementor-widget-wpr-price-list\" data-id=\"df0c5b9\" data-element_type=\"widget\" data-e-type=\"widget\" data-widget_type=\"wpr-price-list.default\">\n\t\t\t\t<div class=\"elementor-widget-container\">\n\t\t\t\t\t\n\t\t<div class=\"wpr-price-list\">\n\t\t\t\n\t\t\t\n\t\t\t\t<div class=\"wpr-price-list-item elementor-repeater-item-3be4e16 elementor-clearfix\">\n\t\t\t\t\t\t\t\n\t\t\t\t\n\t\t\t\t\t<div class=\"wpr-price-list-content\">\n\t\t\t\t\t\t\n\t\t\t\t\t\t<div class=\"wpr-price-list-heading\">\n\t\t\t\t\t\t\t\n\t\t\t\t\t\t\t\t\t\t\t\t\t\t\t\n\t\t\t\t\t\t\t<span class=\"wpr-price-list-title\">14h-14h15<\/span>\t\t\t\t\t\t\t\n\t\t\t\t\t\t\t\t\t\t\t\t\t\t\n\t\t\t\t\t\t\t\t\t\t\t\t\t\n\t\t\t\t\t\t\t\t<span class=\"wpr-price-list-separator\"><\/span>\n\t\t\t\t\t\t\t\n\t\t\t\t\t\t\t\t\t\t\t\t\t\t\t<span class=\"wpr-price-list-price-wrap\">\n\t\t\t\t\t\t\t\t\t\t\n\t\t\t\t\t\t\t\t\t<span class=\"wpr-price-list-price\">Accueil - Caf\u00e9<\/span>\n\t\t\t\t\t\t\t\t\t\n\t\t\t\t\t\t\t\t\t\t\t\t\t\t\t\t\t<\/span>\n\t\t\t\t\t\t\t\n\t\t\t\t\t\t<\/div>\n\t\t\t\t\t\t\n\t\t\t\t\t\t\t\t\t\t\t<\/div>\n\n\t\t\t\t<\/div>\n\n\t\t\t\t\n\t\t\t\t<div class=\"wpr-price-list-item elementor-repeater-item-2d57bd8 elementor-clearfix\">\n\t\t\t\t\t\t\t\n\t\t\t\t\n\t\t\t\t\t<div class=\"wpr-price-list-content\">\n\t\t\t\t\t\t\n\t\t\t\t\t\t<div class=\"wpr-price-list-heading\">\n\t\t\t\t\t\t\t\n\t\t\t\t\t\t\t\t\t\t\t\t\t\t\t\n\t\t\t\t\t\t\t<span class=\"wpr-price-list-title\">14h15-14h25<\/span>\t\t\t\t\t\t\t\n\t\t\t\t\t\t\t\t\t\t\t\t\t\t\n\t\t\t\t\t\t\t\t\t\t\t\t\t\n\t\t\t\t\t\t\t\t<span class=\"wpr-price-list-separator\"><\/span>\n\t\t\t\t\t\t\t\n\t\t\t\t\t\t\t\t\t\t\t\t\t\t\t<span class=\"wpr-price-list-price-wrap\">\n\t\t\t\t\t\t\t\t\t\t\n\t\t\t\t\t\t\t\t\t<span class=\"wpr-price-list-price\">Mot d\u2019ouverture<\/span>\n\t\t\t\t\t\t\t\t\t\n\t\t\t\t\t\t\t\t\t\t\t\t\t\t\t\t\t<\/span>\n\t\t\t\t\t\t\t\n\t\t\t\t\t\t<\/div>\n\t\t\t\t\t\t\n\t\t\t\t\t\t\t\t\t\t\t\t\t<div class=\"wpr-price-list-description\">\ud83c\udf99\ufe0f <i>Par <b>Anne-Laure Thomas<\/b>, Directrice de la diversit\u00e9, de l'\u00e9quit\u00e9 et de l'inclusion chez L'Or\u00e9al.<\/i>\n<br><br>\nMot de bienvenue, h\u00f4te de l\u2019\u00e9v\u00e9nement, et pr\u00e9sentation des membres fondateurs du Collectif.<\/div>\n\t\t\t\t\t\t\t\t\t\t\t<\/div>\n\n\t\t\t\t<\/div>\n\n\t\t\t\t\n\t\t\t\t<div class=\"wpr-price-list-item elementor-repeater-item-82e4c0f elementor-clearfix\">\n\t\t\t\t\t\t\t\n\t\t\t\t\n\t\t\t\t\t<div class=\"wpr-price-list-content\">\n\t\t\t\t\t\t\n\t\t\t\t\t\t<div class=\"wpr-price-list-heading\">\n\t\t\t\t\t\t\t\n\t\t\t\t\t\t\t\t\t\t\t\t\t\t\t\n\t\t\t\t\t\t\t<span class=\"wpr-price-list-title\">14h25-14h45<\/span>\t\t\t\t\t\t\t\n\t\t\t\t\t\t\t\t\t\t\t\t\t\t\n\t\t\t\t\t\t\t\t\t\t\t\t\t\n\t\t\t\t\t\t\t\t<span class=\"wpr-price-list-separator\"><\/span>\n\t\t\t\t\t\t\t\n\t\t\t\t\t\t\t\t\t\t\t\t\t\t\t<span class=\"wpr-price-list-price-wrap\">\n\t\t\t\t\t\t\t\t\t\t\n\t\t\t\t\t\t\t\t\t<span class=\"wpr-price-list-price\">Pr\u00e9sentation du Collectif<\/span>\n\t\t\t\t\t\t\t\t\t\n\t\t\t\t\t\t\t\t\t\t\t\t\t\t\t\t\t<\/span>\n\t\t\t\t\t\t\t\n\t\t\t\t\t\t<\/div>\n\t\t\t\t\t\t\n\t\t\t\t\t\t\t\t\t\t\t\t\t<div class=\"wpr-price-list-description\">\ud83c\udf99\ufe0f <i>Par <b>L'Or\u00e9al, FDJ, Orange, Thales, Siemens<\/b> et <b>Schneider Electric.<\/b><\/i>\n<br><br>\nRetour sur les r\u00e9alisations, la gouvernance et les quatre piliers d\u2019engagement du Collectif.<\/div>\n\t\t\t\t\t\t\t\t\t\t\t<\/div>\n\n\t\t\t\t<\/div>\n\n\t\t\t\t\n\t\t\t\t<div class=\"wpr-price-list-item elementor-repeater-item-0f95388 elementor-clearfix\">\n\t\t\t\t\t\t\t\n\t\t\t\t\n\t\t\t\t\t<div class=\"wpr-price-list-content\">\n\t\t\t\t\t\t\n\t\t\t\t\t\t<div class=\"wpr-price-list-heading\">\n\t\t\t\t\t\t\t\n\t\t\t\t\t\t\t\t\t\t\t\t\t\t\t\n\t\t\t\t\t\t\t<span class=\"wpr-price-list-title\">14h45-15h15<\/span>\t\t\t\t\t\t\t\n\t\t\t\t\t\t\t\t\t\t\t\t\t\t\n\t\t\t\t\t\t\t\t\t\t\t\t\t\n\t\t\t\t\t\t\t\t<span class=\"wpr-price-list-separator\"><\/span>\n\t\t\t\t\t\t\t\n\t\t\t\t\t\t\t\t\t\t\t\t\t\t\t<span class=\"wpr-price-list-price-wrap\">\n\t\t\t\t\t\t\t\t\t\t\n\t\t\t\t\t\t\t\t\t<span class=\"wpr-price-list-price\">Interview - Juliette Speranza (CNRS)<\/span>\n\t\t\t\t\t\t\t\t\t\n\t\t\t\t\t\t\t\t\t\t\t\t\t\t\t\t\t<\/span>\n\t\t\t\t\t\t\t\n\t\t\t\t\t\t<\/div>\n\t\t\t\t\t\t\n\t\t\t\t\t\t\t\t\t\t\t\t\t<div class=\"wpr-price-list-description\">\ud83c\udf99\ufe0f <i>Philosophe, autrice et enseignante-chercheuse, <b>Juliette Speranza<\/b> travaille sur l\u2019\u00e9thique, la neurodiversit\u00e9, le handicap et les questions de minorit\u00e9s. Elle est la fondatrice de l\u2019association Neurodiversit\u00e9-France.<\/i>\n<br><br>\nApproches, concepts et limites de la neurodiversit\u00e9, suivis d\u2019un temps d\u2019\u00e9change avec le public.<\/div>\n\t\t\t\t\t\t\t\t\t\t\t<\/div>\n\n\t\t\t\t<\/div>\n\n\t\t\t\t\n\t\t\t\t<div class=\"wpr-price-list-item elementor-repeater-item-fb65195 elementor-clearfix\">\n\t\t\t\t\t\t\t\n\t\t\t\t\n\t\t\t\t\t<div class=\"wpr-price-list-content\">\n\t\t\t\t\t\t\n\t\t\t\t\t\t<div class=\"wpr-price-list-heading\">\n\t\t\t\t\t\t\t\n\t\t\t\t\t\t\t\t\t\t\t\t\t\t\t\n\t\t\t\t\t\t\t<span class=\"wpr-price-list-title\">15h15-16h<\/span>\t\t\t\t\t\t\t\n\t\t\t\t\t\t\t\t\t\t\t\t\t\t\n\t\t\t\t\t\t\t\t\t\t\t\t\t\n\t\t\t\t\t\t\t\t<span class=\"wpr-price-list-separator\"><\/span>\n\t\t\t\t\t\t\t\n\t\t\t\t\t\t\t\t\t\t\t\t\t\t\t<span class=\"wpr-price-list-price-wrap\">\n\t\t\t\t\t\t\t\t\t\t\n\t\t\t\t\t\t\t\t\t<span class=\"wpr-price-list-price\">Keynote - Vincent Grimaldi de Puget<\/span>\n\t\t\t\t\t\t\t\t\t\n\t\t\t\t\t\t\t\t\t\t\t\t\t\t\t\t\t<\/span>\n\t\t\t\t\t\t\t\n\t\t\t\t\t\t<\/div>\n\t\t\t\t\t\t\n\t\t\t\t\t\t\t\t\t\t\t\t\t<div class=\"wpr-price-list-description\">\ud83c\udf99\ufe0f <i>Entrepreneur et directeur de publication, <b>Vincent Grimaldi de Puget<\/b> dirige le Paris Lab for Neurodiversity at Work \u00e0 l\u2019\u00c9cole des Ponts Business School, o\u00f9 il est \u00e9galement Clinical Professor.<\/i>\n<br><br>\n\nManagement, pr\u00e9sentation du guide du Gouvernement et tendances autour de la neurodiversit\u00e9, suivis d\u2019un temps d\u2019\u00e9change.<\/div>\n\t\t\t\t\t\t\t\t\t\t\t<\/div>\n\n\t\t\t\t<\/div>\n\n\t\t\t\t\n\t\t\t\t<div class=\"wpr-price-list-item elementor-repeater-item-740b5df elementor-clearfix\">\n\t\t\t\t\t\t\t\n\t\t\t\t\n\t\t\t\t\t<div class=\"wpr-price-list-content\">\n\t\t\t\t\t\t\n\t\t\t\t\t\t<div class=\"wpr-price-list-heading\">\n\t\t\t\t\t\t\t\n\t\t\t\t\t\t\t\t\t\t\t\t\t\t\t\n\t\t\t\t\t\t\t<span class=\"wpr-price-list-title\">16h-16h30<\/span>\t\t\t\t\t\t\t\n\t\t\t\t\t\t\t\t\t\t\t\t\t\t\n\t\t\t\t\t\t\t\t\t\t\t\t\t\n\t\t\t\t\t\t\t\t<span class=\"wpr-price-list-separator\"><\/span>\n\t\t\t\t\t\t\t\n\t\t\t\t\t\t\t\t\t\t\t\t\t\t\t<span class=\"wpr-price-list-price-wrap\">\n\t\t\t\t\t\t\t\t\t\t\n\t\t\t\t\t\t\t\t\t<span class=\"wpr-price-list-price\">Pause<\/span>\n\t\t\t\t\t\t\t\t\t\n\t\t\t\t\t\t\t\t\t\t\t\t\t\t\t\t\t<\/span>\n\t\t\t\t\t\t\t\n\t\t\t\t\t\t<\/div>\n\t\t\t\t\t\t\n\t\t\t\t\t\t\t\t\t\t\t\t\t<div class=\"wpr-price-list-description\">D\u00e9couvrez, sur les diff\u00e9rents \u00e9crans, les t\u00e9moignages de salari\u00e9s du Collectif Objectif Neuroinclusion.<\/div>\n\t\t\t\t\t\t\t\t\t\t\t<\/div>\n\n\t\t\t\t<\/div>\n\n\t\t\t\t\n\t\t\t\t<div class=\"wpr-price-list-item elementor-repeater-item-a9eca05 elementor-clearfix\">\n\t\t\t\t\t\t\t\n\t\t\t\t\n\t\t\t\t\t<div class=\"wpr-price-list-content\">\n\t\t\t\t\t\t\n\t\t\t\t\t\t<div class=\"wpr-price-list-heading\">\n\t\t\t\t\t\t\t\n\t\t\t\t\t\t\t\t\t\t\t\t\t\t\t\n\t\t\t\t\t\t\t<span class=\"wpr-price-list-title\">16h30-17h30<\/span>\t\t\t\t\t\t\t\n\t\t\t\t\t\t\t\t\t\t\t\t\t\t\n\t\t\t\t\t\t\t\t\t\t\t\t\t\n\t\t\t\t\t\t\t\t<span class=\"wpr-price-list-separator\"><\/span>\n\t\t\t\t\t\t\t\n\t\t\t\t\t\t\t\t\t\t\t\t\t\t\t<span class=\"wpr-price-list-price-wrap\">\n\t\t\t\t\t\t\t\t\t\t\n\t\t\t\t\t\t\t\t\t<span class=\"wpr-price-list-price\">Table ronde - Caroline Dekerle &amp; Pierre Escaich<\/span>\n\t\t\t\t\t\t\t\t\t\n\t\t\t\t\t\t\t\t\t\t\t\t\t\t\t\t\t<\/span>\n\t\t\t\t\t\t\t\n\t\t\t\t\t\t<\/div>\n\t\t\t\t\t\t\n\t\t\t\t\t\t\t\t\t\t\t\t\t<div class=\"wpr-price-list-description\">\ud83c\udf99\ufe0f <i>Directrice g\u00e9n\u00e9rale de l\u2019Agefiph, <b>Caroline Dekerle<\/b> est engag\u00e9e de longue date en faveur de l\u2019inclusion des personnes en situation de handicap dans l\u2019emploi.<\/i>\n<br><br>\n\ud83c\udf99\ufe0f <i>Directeur du programme Talent Neurodiversit\u00e9 chez Ubisoft, <b>Pierre Escaich<\/b> a fond\u00e9 et codirige le Groupe-Ressource d\u2019Employ\u00e9s Neurodiversit\u00e9 du groupe.<\/i>\n<br><br>\n\nPratiques innovantes, comp\u00e9tences et retours d\u2019exp\u00e9rience : les tops et les flops.<\/div>\n\t\t\t\t\t\t\t\t\t\t\t<\/div>\n\n\t\t\t\t<\/div>\n\n\t\t\t\t\n\t\t\t\t<div class=\"wpr-price-list-item elementor-repeater-item-3815af6 elementor-clearfix\">\n\t\t\t\t\t\t\t\n\t\t\t\t\n\t\t\t\t\t<div class=\"wpr-price-list-content\">\n\t\t\t\t\t\t\n\t\t\t\t\t\t<div class=\"wpr-price-list-heading\">\n\t\t\t\t\t\t\t\n\t\t\t\t\t\t\t\t\t\t\t\t\t\t\t\n\t\t\t\t\t\t\t<span class=\"wpr-price-list-title\">17h30-17h45<\/span>\t\t\t\t\t\t\t\n\t\t\t\t\t\t\t\t\t\t\t\t\t\t\n\t\t\t\t\t\t\t\t\t\t\t\t\t\n\t\t\t\t\t\t\t\t<span class=\"wpr-price-list-separator\"><\/span>\n\t\t\t\t\t\t\t\n\t\t\t\t\t\t\t\t\t\t\t\t\t\t\t<span class=\"wpr-price-list-price-wrap\">\n\t\t\t\t\t\t\t\t\t\t\n\t\t\t\t\t\t\t\t\t<span class=\"wpr-price-list-price\">T\u00e9moignage - Alexia Laroche-Joubert<\/span>\n\t\t\t\t\t\t\t\t\t\n\t\t\t\t\t\t\t\t\t\t\t\t\t\t\t\t\t<\/span>\n\t\t\t\t\t\t\t\n\t\t\t\t\t\t<\/div>\n\t\t\t\t\t\t\n\t\t\t\t\t\t\t\t\t\t\t\t\t<div class=\"wpr-price-list-description\">\ud83c\udf99\ufe0f <i>Professionnelle de la production t\u00e9l\u00e9visuelle, <b>Alexia Laroche-Joubert<\/b> partagera son exp\u00e9rience personnelle autour des troubles Dys et du management.<\/i>\n<br><br>\nPartage d\u2019exp\u00e9riences personnelles autour des troubles Dys et du management, dans une interview men\u00e9e par Anne-Laure Thomas.<\/div>\n\t\t\t\t\t\t\t\t\t\t\t<\/div>\n\n\t\t\t\t<\/div>\n\n\t\t\t\t\n\t\t\t\t<div class=\"wpr-price-list-item elementor-repeater-item-d55287c elementor-clearfix\">\n\t\t\t\t\t\t\t\n\t\t\t\t\n\t\t\t\t\t<div class=\"wpr-price-list-content\">\n\t\t\t\t\t\t\n\t\t\t\t\t\t<div class=\"wpr-price-list-heading\">\n\t\t\t\t\t\t\t\n\t\t\t\t\t\t\t\t\t\t\t\t\t\t\t\n\t\t\t\t\t\t\t<span class=\"wpr-price-list-title\">17h45-18h<\/span>\t\t\t\t\t\t\t\n\t\t\t\t\t\t\t\t\t\t\t\t\t\t\n\t\t\t\t\t\t\t\t\t\t\t\t\t\n\t\t\t\t\t\t\t\t<span class=\"wpr-price-list-separator\"><\/span>\n\t\t\t\t\t\t\t\n\t\t\t\t\t\t\t\t\t\t\t\t\t\t\t<span class=\"wpr-price-list-price-wrap\">\n\t\t\t\t\t\t\t\t\t\t\n\t\t\t\t\t\t\t\t\t<span class=\"wpr-price-list-price\">Le mot de la fin<\/span>\n\t\t\t\t\t\t\t\t\t\n\t\t\t\t\t\t\t\t\t\t\t\t\t\t\t\t\t<\/span>\n\t\t\t\t\t\t\t\n\t\t\t\t\t\t<\/div>\n\t\t\t\t\t\t\n\t\t\t\t\t\t\t\t\t\t\t\t\t<div class=\"wpr-price-list-description\">\ud83c\udf99\ufe0f <i>Par <b>Pernod Ricard<\/b> et <b>Capgemini<\/b><\/i>\n<br><br>\nLa suite du Collectif, sa bo\u00eete \u00e0 outils, dont trois guides, son ouverture internationale et son site internet.<\/div>\n\t\t\t\t\t\t\t\t\t\t\t<\/div>\n\n\t\t\t\t<\/div>\n\n\t\t\t\t\n\t\t\t\t<div class=\"wpr-price-list-item elementor-repeater-item-7a3a182 elementor-clearfix\">\n\t\t\t\t\t\t\t\n\t\t\t\t\n\t\t\t\t\t<div class=\"wpr-price-list-content\">\n\t\t\t\t\t\t\n\t\t\t\t\t\t<div class=\"wpr-price-list-heading\">\n\t\t\t\t\t\t\t\n\t\t\t\t\t\t\t\t\t\t\t\t\t\t\t\n\t\t\t\t\t\t\t<span class=\"wpr-price-list-title\">D\u00e8s 18h<\/span>\t\t\t\t\t\t\t\n\t\t\t\t\t\t\t\t\t\t\t\t\t\t\n\t\t\t\t\t\t\t\t\t\t\t\t\t\n\t\t\t\t\t\t\t\t<span class=\"wpr-price-list-separator\"><\/span>\n\t\t\t\t\t\t\t\n\t\t\t\t\t\t\t\t\t\t\t\t\t\t\t<span class=\"wpr-price-list-price-wrap\">\n\t\t\t\t\t\t\t\t\t\t\n\t\t\t\t\t\t\t\t\t<span class=\"wpr-price-list-price\">Cocktail<\/span>\n\t\t\t\t\t\t\t\t\t\n\t\t\t\t\t\t\t\t\t\t\t\t\t\t\t\t\t<\/span>\n\t\t\t\t\t\t\t\n\t\t\t\t\t\t<\/div>\n\t\t\t\t\t\t\n\t\t\t\t\t\t\t\t\t\t\t<\/div>\n\n\t\t\t\t<\/div>\n\n\t\t\t\t\t\t<\/div>\n\t\t\t\t\t\t<\/div>\n\t\t\t\t<\/div>\n\t\t\t\t<\/div>\n\t\t\t\t<\/div>\n\t\t<div class=\"elementor-element elementor-element-a7d9a59 e-con-full e-flex wpr-particle-no wpr-jarallax-no wpr-parallax-no wpr-sticky-section-no wpr-column-slider-no wpr-equal-height-no e-con e-child\" data-id=\"a7d9a59\" data-element_type=\"container\" data-e-type=\"container\">\n\t\t\t\t<div class=\"elementor-element elementor-element-626679e elementor-widget__width-initial elementor-widget elementor-widget-heading\" data-id=\"626679e\" data-element_type=\"widget\" data-e-type=\"widget\" data-widget_type=\"heading.default\">\n\t\t\t\t<div class=\"elementor-widget-container\">\n\t\t\t\t\t<h5 class=\"elementor-heading-title elementor-size-default\">Inscription avant le 21 septembre 2026<\/h5>\t\t\t\t<\/div>\n\t\t\t\t<\/div>\n\t\t\t\t<div class=\"elementor-element elementor-element-ebaefc2 elementor-widget__width-initial elementor-widget elementor-widget-heading\" data-id=\"ebaefc2\" data-element_type=\"widget\" data-e-type=\"widget\" data-widget_type=\"heading.default\">\n\t\t\t\t<div class=\"elementor-widget-container\">\n\t\t\t\t\t<h3 class=\"elementor-heading-title elementor-size-default\">R\u00e9servez votre place\u200b<\/h3>\t\t\t\t<\/div>\n\t\t\t\t<\/div>\n\t\t<div class=\"elementor-element elementor-element-87b048b e-con-full e-flex wpr-particle-no wpr-jarallax-no wpr-parallax-no wpr-sticky-section-no wpr-column-slider-no wpr-equal-height-no e-con e-child\" data-id=\"87b048b\" data-element_type=\"container\" data-e-type=\"container\" data-settings=\"{&quot;background_background&quot;:&quot;classic&quot;}\">\n\t\t\t\t<div class=\"elementor-element elementor-element-8eea792 elementor-widget elementor-widget-text-editor\" data-id=\"8eea792\" data-element_type=\"widget\" data-e-type=\"widget\" data-widget_type=\"text-editor.default\">\n\t\t\t\t<div class=\"elementor-widget-container\">\n\t\t\t\t\t\t\t\t\t<p class=\"oni-section-intro\">Places limit\u00e9es : <strong>deux personnes maximum par entreprise<\/strong>.<\/p><p class=\"oni-section-intro\">Confirmez votre pr\u00e9sence pour recevoir votre acc\u00e8s.<\/p>\t\t\t\t\t\t\t\t<\/div>\n\t\t\t\t<\/div>\n\t\t\t\t<div class=\"elementor-element elementor-element-d917105 elementor-button-align-end elementor-widget elementor-widget-form\" data-id=\"d917105\" data-element_type=\"widget\" data-e-type=\"widget\" data-settings=\"{&quot;step_next_label&quot;:&quot;Suivant&quot;,&quot;step_previous_label&quot;:&quot;Pr\\u00e9c\\u00e9dent&quot;,&quot;button_width&quot;:&quot;100&quot;,&quot;step_type&quot;:&quot;number_text&quot;,&quot;step_icon_shape&quot;:&quot;circle&quot;}\" data-widget_type=\"form.default\">\n\t\t\t\t<div class=\"elementor-widget-container\">\n\t\t\t\t\t\t\t<form class=\"elementor-form\" method=\"post\" id=\"form_event_24\" name=\"Inscription - 24 septembre 2026\" aria-label=\"Inscription - 24 septembre 2026\">\n\t\t\t<input type=\"hidden\" name=\"post_id\" value=\"7428\"\/>\n\t\t\t<input type=\"hidden\" name=\"form_id\" value=\"d917105\"\/>\n\t\t\t<input type=\"hidden\" name=\"referer_title\" value=\"Objectif Neuroinclusion\" \/>\n\n\t\t\t\n\t\t\t<div class=\"elementor-form-fields-wrapper elementor-labels-above\">\n\t\t\t\t\t\t\t\t<div class=\"elementor-field-type-text elementor-field-group elementor-column elementor-field-group-name24 elementor-col-100 elementor-field-required elementor-mark-required\">\n\t\t\t\t\t\t\t\t\t\t\t\t<label for=\"form-field-name24\" class=\"elementor-field-label\">\n\t\t\t\t\t\t\t\tPr\u00e9nom\t\t\t\t\t\t\t<\/label>\n\t\t\t\t\t\t\t\t\t\t\t\t\t\t<input size=\"1\" type=\"text\" name=\"form_fields[name24]\" id=\"form-field-name24\" class=\"elementor-field elementor-size-sm  elementor-field-textual\" placeholder=\"Pr\u00e9nom\" required=\"required\">\n\t\t\t\t\t\t\t\t\t\t\t<\/div>\n\t\t\t\t\t\t\t\t<div class=\"elementor-field-type-text elementor-field-group elementor-column elementor-field-group-surname24 elementor-col-100 elementor-field-required elementor-mark-required\">\n\t\t\t\t\t\t\t\t\t\t\t\t<label for=\"form-field-surname24\" class=\"elementor-field-label\">\n\t\t\t\t\t\t\t\tNom\t\t\t\t\t\t\t<\/label>\n\t\t\t\t\t\t\t\t\t\t\t\t\t\t<input size=\"1\" type=\"text\" name=\"form_fields[surname24]\" id=\"form-field-surname24\" class=\"elementor-field elementor-size-sm  elementor-field-textual\" placeholder=\"Nom\" required=\"required\">\n\t\t\t\t\t\t\t\t\t\t\t<\/div>\n\t\t\t\t\t\t\t\t<div class=\"elementor-field-type-email elementor-field-group elementor-column elementor-field-group-email24 elementor-col-100 elementor-field-required elementor-mark-required\">\n\t\t\t\t\t\t\t\t\t\t\t\t<label for=\"form-field-email24\" class=\"elementor-field-label\">\n\t\t\t\t\t\t\t\tE-mail professionnel\t\t\t\t\t\t\t<\/label>\n\t\t\t\t\t\t\t\t\t\t\t\t\t\t<input size=\"1\" type=\"email\" name=\"form_fields[email24]\" id=\"form-field-email24\" class=\"elementor-field elementor-size-sm  elementor-field-textual\" placeholder=\"Saisissez votre e-mail professionnel\" required=\"required\">\n\t\t\t\t\t\t\t\t\t\t\t<\/div>\n\t\t\t\t\t\t\t\t<div class=\"elementor-field-type-text elementor-field-group elementor-column elementor-field-group-company24 elementor-col-100 elementor-field-required elementor-mark-required\">\n\t\t\t\t\t\t\t\t\t\t\t\t<label for=\"form-field-company24\" class=\"elementor-field-label\">\n\t\t\t\t\t\t\t\tEntreprise\t\t\t\t\t\t\t<\/label>\n\t\t\t\t\t\t\t\t\t\t\t\t\t\t<input size=\"1\" type=\"text\" name=\"form_fields[company24]\" id=\"form-field-company24\" class=\"elementor-field elementor-size-sm  elementor-field-textual\" placeholder=\"Pr\u00e9cisez votre entreprise\" required=\"required\">\n\t\t\t\t\t\t\t\t\t\t\t<\/div>\n\t\t\t\t\t\t\t\t<div class=\"elementor-field-type-text elementor-field-group elementor-column elementor-field-group-role24 elementor-col-100 elementor-field-required elementor-mark-required\">\n\t\t\t\t\t\t\t\t\t\t\t\t<label for=\"form-field-role24\" class=\"elementor-field-label\">\n\t\t\t\t\t\t\t\tFonction \/ R\u00f4le\t\t\t\t\t\t\t<\/label>\n\t\t\t\t\t\t\t\t\t\t\t\t\t\t<input size=\"1\" type=\"text\" name=\"form_fields[role24]\" id=\"form-field-role24\" class=\"elementor-field elementor-size-sm  elementor-field-textual\" placeholder=\"Indiquez votre poste\" required=\"required\">\n\t\t\t\t\t\t\t\t\t\t\t<\/div>\n\t\t\t\t\t\t\t\t<div class=\"elementor-field-type-select elementor-field-group elementor-column elementor-field-group-position24 elementor-col-100 elementor-field-required elementor-mark-required\">\n\t\t\t\t\t\t\t\t\t\t\t\t<label for=\"form-field-position24\" class=\"elementor-field-label\">\n\t\t\t\t\t\t\t\tVous \u00eates :\t\t\t\t\t\t\t<\/label>\n\t\t\t\t\t\t\t\t<div class=\"elementor-field elementor-select-wrapper remove-before \">\n\t\t\t<div class=\"select-caret-down-wrapper\">\n\t\t\t\t<svg aria-hidden=\"true\" class=\"e-font-icon-svg e-eicon-caret-down\" viewBox=\"0 0 571.4 571.4\" xmlns=\"http:\/\/www.w3.org\/2000\/svg\"><path d=\"M571 393Q571 407 561 418L311 668Q300 679 286 679T261 668L11 418Q0 407 0 393T11 368 36 357H536Q550 357 561 368T571 393Z\"><\/path><\/svg>\t\t\t<\/div>\n\t\t\t<select name=\"form_fields[position24]\" id=\"form-field-position24\" class=\"elementor-field-textual elementor-size-sm\" required=\"required\">\n\t\t\t\t\t\t\t\t\t<option value=\"S\u00e9lectionnez votre situation\">S\u00e9lectionnez votre situation<\/option>\n\t\t\t\t\t\t\t\t\t<option value=\"Membre du collectif Objectif Neuroinclusion\">Membre du collectif Objectif Neuroinclusion<\/option>\n\t\t\t\t\t\t\t\t\t<option value=\"Repr\u00e9sentant(e) d&#039;une entreprise non membre\">Repr\u00e9sentant(e) d&#039;une entreprise non membre<\/option>\n\t\t\t\t\t\t\t\t\t<option value=\"Intervenant(e) \/ Partenaire\">Intervenant(e) \/ Partenaire<\/option>\n\t\t\t\t\t\t\t\t\t<option value=\"Presse\">Presse<\/option>\n\t\t\t\t\t\t\t\t\t<option value=\"Autre\">Autre<\/option>\n\t\t\t\t\t\t\t<\/select>\n\t\t<\/div>\n\t\t\t\t\t\t<\/div>\n\t\t\t\t\t\t\t\t<div class=\"elementor-field-type-textarea elementor-field-group elementor-column elementor-field-group-accessibility24 elementor-col-100\">\n\t\t\t\t\t\t\t\t\t\t\t\t<label for=\"form-field-accessibility24\" class=\"elementor-field-label\">\n\t\t\t\t\t\t\t\tAvez-vous besoin d\u2019un am\u00e9nagement particulier pour participer sereinement ?\t\t\t\t\t\t\t<\/label>\n\t\t\t\t\t\t<textarea class=\"elementor-field-textual elementor-field  elementor-size-sm\" name=\"form_fields[accessibility24]\" id=\"form-field-accessibility24\" rows=\"3\" placeholder=\"Facultatif. Pr\u00e9cisez si vous avez besoin d&#039;un am\u00e9nagement pour participer sereinement\"><\/textarea>\t\t\t\t<\/div>\n\t\t\t\t\t\t\t\t<div class=\"elementor-field-type-checkbox elementor-field-group elementor-column elementor-field-group-policy24 elementor-col-100\">\n\t\t\t\t\t<div class=\"elementor-field-subgroup  \"><span class=\"elementor-field-option\"><input type=\"checkbox\" value=\"J&#039;accepte que mes donn\u00e9es soient utilis\u00e9es pour la gestion de mon inscription \u00e0 cet \u00e9v\u00e9nement, conform\u00e9ment \u00e0 la politique de confidentialit\u00e9 du collectif.\" id=\"form-field-policy24-0\" name=\"form_fields[policy24]\"> <label for=\"form-field-policy24-0\">J'accepte que mes donn\u00e9es soient utilis\u00e9es pour la gestion de mon inscription \u00e0 cet \u00e9v\u00e9nement, conform\u00e9ment \u00e0 la politique de confidentialit\u00e9 du collectif.<\/label><\/span><\/div>\t\t\t\t<\/div>\n\t\t\t\t\t\t\t\t<div class=\"elementor-field-group elementor-column elementor-field-type-submit elementor-col-100 e-form__buttons\">\n\t\t\t\t\t<button class=\"elementor-button elementor-size-sm\" type=\"submit\">\n\t\t\t\t\t\t<span class=\"elementor-button-content-wrapper\">\n\t\t\t\t\t\t\t\t\t\t\t\t\t\t\t\t\t\t\t\t\t\t<span class=\"elementor-button-text\">Envoyer ma demande d'inscription<\/span>\n\t\t\t\t\t\t\t\t\t\t\t\t\t<\/span>\n\t\t\t\t\t<\/button>\n\t\t\t\t<\/div>\n\t\t\t<\/div>\n\t\t<\/form>\n\t\t\t\t\t\t<\/div>\n\t\t\t\t<\/div>\n\t\t\t\t<\/div>\n\t\t\t\t<\/div>\n\t\t\t\t\t<\/div>\n\t\t\t\t<\/div>\n\t\t\t\t<\/div>\n\t\t","protected":false},"excerpt":{"rendered":"<p>\u00c9v\u00e9nement &#8211; Inscrivez-vous avant le 21 septembre 2026 C\u00e9l\u00e9brons ensemble 1 an d&#8217;engagement autour de la neuroinclusion en entreprise Le collectif Objectif Neuroinclusion c\u00e9l\u00e8bre un an d&#8217;engagement. Un temps fort pour partager nos avanc\u00e9es, \u00e9changer avec des expert\u00b7es et rencontrer les entreprises qui font vivre la neuroinclusion au quotidien, suivi d&#8217;un cocktail. \ud83d\udcc5 Jeudi 24 septembre 2026 Accueil d\u00e8s 14 hC\u00e9r\u00e9monie de 14 h 15 \u00e0 18 h \ud83d\udccd Le Visionnaire &#8211; L&#8217;Or\u00e9al (14 rue Royale, Paris 8e) D\u00e9roul\u00e9 Programme de la journ\u00e9e Programme indicatif, en cours de finalisation avec le comit\u00e9 de pilotage. 14h-14h15 Accueil &#8211; Caf\u00e9 14h15-14h25 Mot d\u2019ouverture \ud83c\udf99\ufe0f Par Anne-Laure Thomas, Directrice de la diversit\u00e9, de l&#8217;\u00e9quit\u00e9 et de l&#8217;inclusion chez L&#8217;Or\u00e9al. Mot de bienvenue, h\u00f4te de l\u2019\u00e9v\u00e9nement, et pr\u00e9sentation des membres fondateurs du Collectif. 14h25-14h45 Pr\u00e9sentation du Collectif \ud83c\udf99\ufe0f Par L&#8217;Or\u00e9al, FDJ, Orange, Thales, Siemens et Schneider Electric. Retour sur les r\u00e9alisations, la gouvernance et les quatre piliers d\u2019engagement du Collectif. 14h45-15h15 Interview &#8211; Juliette Speranza (CNRS) \ud83c\udf99\ufe0f Philosophe, autrice et enseignante-chercheuse, Juliette Speranza travaille sur l\u2019\u00e9thique, la neurodiversit\u00e9, le handicap et les questions de minorit\u00e9s. Elle est la fondatrice de l\u2019association Neurodiversit\u00e9-France. Approches, concepts et limites de la neurodiversit\u00e9, suivis d\u2019un temps d\u2019\u00e9change avec le public. 15h15-16h Keynote &#8211; Vincent Grimaldi de Puget \ud83c\udf99\ufe0f Entrepreneur et directeur de publication, Vincent Grimaldi de Puget dirige le Paris Lab for Neurodiversity at Work \u00e0 l\u2019\u00c9cole des Ponts Business School, o\u00f9 il est \u00e9galement Clinical Professor. Management, pr\u00e9sentation du guide du Gouvernement et tendances autour de la neurodiversit\u00e9, suivis d\u2019un temps d\u2019\u00e9change. 16h-16h30 Pause D\u00e9couvrez, sur les diff\u00e9rents \u00e9crans, les t\u00e9moignages de salari\u00e9s du Collectif Objectif Neuroinclusion. 16h30-17h30 Table ronde &#8211; Caroline Dekerle &amp; Pierre Escaich \ud83c\udf99\ufe0f Directrice g\u00e9n\u00e9rale de l\u2019Agefiph, Caroline Dekerle est engag\u00e9e de longue date en faveur de l\u2019inclusion des personnes en situation de handicap dans l\u2019emploi. \ud83c\udf99\ufe0f Directeur du programme Talent Neurodiversit\u00e9 chez Ubisoft, Pierre Escaich a fond\u00e9 et codirige le Groupe-Ressource d\u2019Employ\u00e9s Neurodiversit\u00e9 du groupe. Pratiques innovantes, comp\u00e9tences et retours d\u2019exp\u00e9rience : les tops et les flops. 17h30-17h45 T\u00e9moignage &#8211; Alexia Laroche-Joubert \ud83c\udf99\ufe0f Professionnelle de la production t\u00e9l\u00e9visuelle, Alexia Laroche-Joubert partagera son exp\u00e9rience personnelle autour des troubles Dys et du management. Partage d\u2019exp\u00e9riences personnelles autour des troubles Dys et du management, dans une interview men\u00e9e par Anne-Laure Thomas. 17h45-18h Le mot de la fin \ud83c\udf99\ufe0f Par Pernod Ricard et Capgemini La suite du Collectif, sa bo\u00eete \u00e0 outils, dont trois guides, son ouverture internationale et son site internet. D\u00e8s 18h Cocktail Inscription avant le 21 septembre 2026 R\u00e9servez votre place\u200b Places limit\u00e9es : deux personnes maximum par entreprise. Confirmez votre pr\u00e9sence pour recevoir votre acc\u00e8s.<\/p>","protected":false},"author":4,"featured_media":0,"parent":0,"menu_order":0,"comment_status":"closed","ping_status":"closed","template":"","meta":{"footnotes":""},"class_list":["post-7428","page","type-page","status-publish","hentry"],"featured_image_url":[],"post_author":"Pierre Francois","assigned_categories":"","mb":[],"yoast_head":"<!-- This site is optimized with the Yoast SEO plugin v28.4 - https:\/\/yoast.com\/product\/yoast-seo-wordpress\/ -->\n<title>C\u00e9r\u00e9monie du 24 septembre 2026 | Objectif Neuroinclusion<\/title>\n<meta name=\"robots\" content=\"index, follow, max-snippet:-1, max-image-preview:large, max-video-preview:-1\" \/>\n<link rel=\"canonical\" href=\"https:\/\/objectifneuroinclusion.org\/en\/ceremonie-24-septembre\/\" \/>\n<meta property=\"og:locale\" content=\"en_US\" \/>\n<meta property=\"og:type\" content=\"article\" \/>\n<meta property=\"og:title\" content=\"C\u00e9r\u00e9monie du 24 septembre 2026 | Objectif Neuroinclusion\" \/>\n<meta property=\"og:description\" content=\"\u00c9v\u00e9nement &#8211; Inscrivez-vous avant le 21 septembre 2026 C\u00e9l\u00e9brons ensemble 1 an d&#8217;engagement autour de la neuroinclusion en entreprise Le collectif Objectif Neuroinclusion c\u00e9l\u00e8bre un an d&#8217;engagement. Un temps fort pour partager nos avanc\u00e9es, \u00e9changer avec des expert\u00b7es et rencontrer les entreprises qui font vivre la neuroinclusion au quotidien, suivi d&#8217;un cocktail. \ud83d\udcc5 Jeudi 24 septembre 2026 Accueil d\u00e8s 14 hC\u00e9r\u00e9monie de 14 h 15 \u00e0 18 h \ud83d\udccd Le Visionnaire &#8211; L&#8217;Or\u00e9al (14 rue Royale, Paris 8e) D\u00e9roul\u00e9 Programme de la journ\u00e9e Programme indicatif, en cours de finalisation avec le comit\u00e9 de pilotage. 14h-14h15 Accueil &#8211; Caf\u00e9 14h15-14h25 Mot d\u2019ouverture \ud83c\udf99\ufe0f Par Anne-Laure Thomas, Directrice de la diversit\u00e9, de l&#8217;\u00e9quit\u00e9 et de l&#8217;inclusion chez L&#8217;Or\u00e9al. Mot de bienvenue, h\u00f4te de l\u2019\u00e9v\u00e9nement, et pr\u00e9sentation des membres fondateurs du Collectif. 14h25-14h45 Pr\u00e9sentation du Collectif \ud83c\udf99\ufe0f Par L&#8217;Or\u00e9al, FDJ, Orange, Thales, Siemens et Schneider Electric. Retour sur les r\u00e9alisations, la gouvernance et les quatre piliers d\u2019engagement du Collectif. 14h45-15h15 Interview &#8211; Juliette Speranza (CNRS) \ud83c\udf99\ufe0f Philosophe, autrice et enseignante-chercheuse, Juliette Speranza travaille sur l\u2019\u00e9thique, la neurodiversit\u00e9, le handicap et les questions de minorit\u00e9s. Elle est la fondatrice de l\u2019association Neurodiversit\u00e9-France. Approches, concepts et limites de la neurodiversit\u00e9, suivis d\u2019un temps d\u2019\u00e9change avec le public. 15h15-16h Keynote &#8211; Vincent Grimaldi de Puget \ud83c\udf99\ufe0f Entrepreneur et directeur de publication, Vincent Grimaldi de Puget dirige le Paris Lab for Neurodiversity at Work \u00e0 l\u2019\u00c9cole des Ponts Business School, o\u00f9 il est \u00e9galement Clinical Professor. Management, pr\u00e9sentation du guide du Gouvernement et tendances autour de la neurodiversit\u00e9, suivis d\u2019un temps d\u2019\u00e9change. 16h-16h30 Pause D\u00e9couvrez, sur les diff\u00e9rents \u00e9crans, les t\u00e9moignages de salari\u00e9s du Collectif Objectif Neuroinclusion. 16h30-17h30 Table ronde &#8211; Caroline Dekerle &amp; Pierre Escaich \ud83c\udf99\ufe0f Directrice g\u00e9n\u00e9rale de l\u2019Agefiph, Caroline Dekerle est engag\u00e9e de longue date en faveur de l\u2019inclusion des personnes en situation de handicap dans l\u2019emploi. \ud83c\udf99\ufe0f Directeur du programme Talent Neurodiversit\u00e9 chez Ubisoft, Pierre Escaich a fond\u00e9 et codirige le Groupe-Ressource d\u2019Employ\u00e9s Neurodiversit\u00e9 du groupe. Pratiques innovantes, comp\u00e9tences et retours d\u2019exp\u00e9rience : les tops et les flops. 17h30-17h45 T\u00e9moignage &#8211; Alexia Laroche-Joubert \ud83c\udf99\ufe0f Professionnelle de la production t\u00e9l\u00e9visuelle, Alexia Laroche-Joubert partagera son exp\u00e9rience personnelle autour des troubles Dys et du management. Partage d\u2019exp\u00e9riences personnelles autour des troubles Dys et du management, dans une interview men\u00e9e par Anne-Laure Thomas. 17h45-18h Le mot de la fin \ud83c\udf99\ufe0f Par Pernod Ricard et Capgemini La suite du Collectif, sa bo\u00eete \u00e0 outils, dont trois guides, son ouverture internationale et son site internet. D\u00e8s 18h Cocktail Inscription avant le 21 septembre 2026 R\u00e9servez votre place\u200b Places limit\u00e9es : deux personnes maximum par entreprise. Confirmez votre pr\u00e9sence pour recevoir votre acc\u00e8s.\" \/>\n<meta property=\"og:url\" content=\"https:\/\/objectifneuroinclusion.org\/en\/ceremonie-24-septembre\/\" \/>\n<meta property=\"og:site_name\" content=\"Objectif Neuroinclusion\" \/>\n<meta property=\"article:modified_time\" content=\"2026-09-02T15:10:35+00:00\" \/>\n<meta property=\"og:image\" content=\"https:\/\/s.w.org\/images\/core\/emoji\/17.0.2\/svg\/1f553.svg\" \/>\n<meta name=\"twitter:card\" content=\"summary_large_image\" \/>\n<meta name=\"twitter:label1\" content=\"Est. reading time\" \/>\n\t<meta name=\"twitter:data1\" content=\"5 minutes\" \/>\n<script type=\"application\/ld+json\" class=\"yoast-schema-graph\">{\"@context\":\"https:\\\/\\\/schema.org\",\"@graph\":[{\"@type\":\"WebPage\",\"@id\":\"https:\\\/\\\/objectifneuroinclusion.org\\\/ceremonie-24-septembre\\\/\",\"url\":\"https:\\\/\\\/objectifneuroinclusion.org\\\/ceremonie-24-septembre\\\/\",\"name\":\"C\u00e9r\u00e9monie du 24 septembre 2026 | Objectif Neuroinclusion\",\"isPartOf\":{\"@id\":\"https:\\\/\\\/objectifneuroinclusion.org\\\/#website\"},\"primaryImageOfPage\":{\"@id\":\"https:\\\/\\\/objectifneuroinclusion.org\\\/ceremonie-24-septembre\\\/#primaryimage\"},\"image\":{\"@id\":\"https:\\\/\\\/objectifneuroinclusion.org\\\/ceremonie-24-septembre\\\/#primaryimage\"},\"thumbnailUrl\":\"https:\\\/\\\/s.w.org\\\/images\\\/core\\\/emoji\\\/17.0.2\\\/svg\\\/1f553.svg\",\"datePublished\":\"2026-07-13T14:52:18+00:00\",\"dateModified\":\"2026-09-02T15:10:35+00:00\",\"breadcrumb\":{\"@id\":\"https:\\\/\\\/objectifneuroinclusion.org\\\/ceremonie-24-septembre\\\/#breadcrumb\"},\"inLanguage\":\"en-US\",\"potentialAction\":[{\"@type\":\"ReadAction\",\"target\":[\"https:\\\/\\\/objectifneuroinclusion.org\\\/ceremonie-24-septembre\\\/\"]}]},{\"@type\":\"ImageObject\",\"inLanguage\":\"en-US\",\"@id\":\"https:\\\/\\\/objectifneuroinclusion.org\\\/ceremonie-24-septembre\\\/#primaryimage\",\"url\":\"https:\\\/\\\/s.w.org\\\/images\\\/core\\\/emoji\\\/17.0.2\\\/svg\\\/1f553.svg\",\"contentUrl\":\"https:\\\/\\\/s.w.org\\\/images\\\/core\\\/emoji\\\/17.0.2\\\/svg\\\/1f553.svg\"},{\"@type\":\"BreadcrumbList\",\"@id\":\"https:\\\/\\\/objectifneuroinclusion.org\\\/ceremonie-24-septembre\\\/#breadcrumb\",\"itemListElement\":[{\"@type\":\"ListItem\",\"position\":1,\"name\":\"Home\",\"item\":\"https:\\\/\\\/objectifneuroinclusion.org\\\/\"},{\"@type\":\"ListItem\",\"position\":2,\"name\":\"C\u00e9r\u00e9monie du 24 septembre 2026\"}]},{\"@type\":\"WebSite\",\"@id\":\"https:\\\/\\\/objectifneuroinclusion.org\\\/#website\",\"url\":\"https:\\\/\\\/objectifneuroinclusion.org\\\/\",\"name\":\"Objectif Neuroinclusion\",\"description\":\"Esprits diff\u00e9rents, succ\u00e8s partag\u00e9\",\"publisher\":{\"@id\":\"https:\\\/\\\/objectifneuroinclusion.org\\\/#organization\"},\"potentialAction\":[{\"@type\":\"SearchAction\",\"target\":{\"@type\":\"EntryPoint\",\"urlTemplate\":\"https:\\\/\\\/objectifneuroinclusion.org\\\/?s={search_term_string}\"},\"query-input\":{\"@type\":\"PropertyValueSpecification\",\"valueRequired\":true,\"valueName\":\"search_term_string\"}}],\"inLanguage\":\"en-US\"},{\"@type\":\"Organization\",\"@id\":\"https:\\\/\\\/objectifneuroinclusion.org\\\/#organization\",\"name\":\"Objectif Neuroinclusion\",\"url\":\"https:\\\/\\\/objectifneuroinclusion.org\\\/\",\"logo\":{\"@type\":\"ImageObject\",\"inLanguage\":\"en-US\",\"@id\":\"https:\\\/\\\/objectifneuroinclusion.org\\\/#\\\/schema\\\/logo\\\/image\\\/\",\"url\":\"https:\\\/\\\/objectifneuroinclusion.org\\\/wp-content\\\/uploads\\\/2026\\\/01\\\/V0_BLANC_A_TRANSPARENT.webp\",\"contentUrl\":\"https:\\\/\\\/objectifneuroinclusion.org\\\/wp-content\\\/uploads\\\/2026\\\/01\\\/V0_BLANC_A_TRANSPARENT.webp\",\"width\":1000,\"height\":196,\"caption\":\"Objectif Neuroinclusion\"},\"image\":{\"@id\":\"https:\\\/\\\/objectifneuroinclusion.org\\\/#\\\/schema\\\/logo\\\/image\\\/\"},\"sameAs\":[\"https:\\\/\\\/www.linkedin.com\\\/company\\\/objectif-neuroinclusion\\\/\"]}]}<\/script>\n<!-- \/ Yoast SEO plugin. -->","yoast_head_json":{"title":"C\u00e9r\u00e9monie du 24 septembre 2026 | Objectif Neuroinclusion","robots":{"index":"index","follow":"follow","max-snippet":"max-snippet:-1","max-image-preview":"max-image-preview:large","max-video-preview":"max-video-preview:-1"},"canonical":"https:\/\/objectifneuroinclusion.org\/en\/ceremonie-24-septembre\/","og_locale":"en_US","og_type":"article","og_title":"C\u00e9r\u00e9monie du 24 septembre 2026 | Objectif Neuroinclusion","og_description":"\u00c9v\u00e9nement &#8211; Inscrivez-vous avant le 21 septembre 2026 C\u00e9l\u00e9brons ensemble 1 an d&#8217;engagement autour de la neuroinclusion en entreprise Le collectif Objectif Neuroinclusion c\u00e9l\u00e8bre un an d&#8217;engagement. Un temps fort pour partager nos avanc\u00e9es, \u00e9changer avec des expert\u00b7es et rencontrer les entreprises qui font vivre la neuroinclusion au quotidien, suivi d&#8217;un cocktail. \ud83d\udcc5 Jeudi 24 septembre 2026 Accueil d\u00e8s 14 hC\u00e9r\u00e9monie de 14 h 15 \u00e0 18 h \ud83d\udccd Le Visionnaire &#8211; L&#8217;Or\u00e9al (14 rue Royale, Paris 8e) D\u00e9roul\u00e9 Programme de la journ\u00e9e Programme indicatif, en cours de finalisation avec le comit\u00e9 de pilotage. 14h-14h15 Accueil &#8211; Caf\u00e9 14h15-14h25 Mot d\u2019ouverture \ud83c\udf99\ufe0f Par Anne-Laure Thomas, Directrice de la diversit\u00e9, de l&#8217;\u00e9quit\u00e9 et de l&#8217;inclusion chez L&#8217;Or\u00e9al. Mot de bienvenue, h\u00f4te de l\u2019\u00e9v\u00e9nement, et pr\u00e9sentation des membres fondateurs du Collectif. 14h25-14h45 Pr\u00e9sentation du Collectif \ud83c\udf99\ufe0f Par L&#8217;Or\u00e9al, FDJ, Orange, Thales, Siemens et Schneider Electric. Retour sur les r\u00e9alisations, la gouvernance et les quatre piliers d\u2019engagement du Collectif. 14h45-15h15 Interview &#8211; Juliette Speranza (CNRS) \ud83c\udf99\ufe0f Philosophe, autrice et enseignante-chercheuse, Juliette Speranza travaille sur l\u2019\u00e9thique, la neurodiversit\u00e9, le handicap et les questions de minorit\u00e9s. Elle est la fondatrice de l\u2019association Neurodiversit\u00e9-France. Approches, concepts et limites de la neurodiversit\u00e9, suivis d\u2019un temps d\u2019\u00e9change avec le public. 15h15-16h Keynote &#8211; Vincent Grimaldi de Puget \ud83c\udf99\ufe0f Entrepreneur et directeur de publication, Vincent Grimaldi de Puget dirige le Paris Lab for Neurodiversity at Work \u00e0 l\u2019\u00c9cole des Ponts Business School, o\u00f9 il est \u00e9galement Clinical Professor. Management, pr\u00e9sentation du guide du Gouvernement et tendances autour de la neurodiversit\u00e9, suivis d\u2019un temps d\u2019\u00e9change. 16h-16h30 Pause D\u00e9couvrez, sur les diff\u00e9rents \u00e9crans, les t\u00e9moignages de salari\u00e9s du Collectif Objectif Neuroinclusion. 16h30-17h30 Table ronde &#8211; Caroline Dekerle &amp; Pierre Escaich \ud83c\udf99\ufe0f Directrice g\u00e9n\u00e9rale de l\u2019Agefiph, Caroline Dekerle est engag\u00e9e de longue date en faveur de l\u2019inclusion des personnes en situation de handicap dans l\u2019emploi. \ud83c\udf99\ufe0f Directeur du programme Talent Neurodiversit\u00e9 chez Ubisoft, Pierre Escaich a fond\u00e9 et codirige le Groupe-Ressource d\u2019Employ\u00e9s Neurodiversit\u00e9 du groupe. Pratiques innovantes, comp\u00e9tences et retours d\u2019exp\u00e9rience : les tops et les flops. 17h30-17h45 T\u00e9moignage &#8211; Alexia Laroche-Joubert \ud83c\udf99\ufe0f Professionnelle de la production t\u00e9l\u00e9visuelle, Alexia Laroche-Joubert partagera son exp\u00e9rience personnelle autour des troubles Dys et du management. Partage d\u2019exp\u00e9riences personnelles autour des troubles Dys et du management, dans une interview men\u00e9e par Anne-Laure Thomas. 17h45-18h Le mot de la fin \ud83c\udf99\ufe0f Par Pernod Ricard et Capgemini La suite du Collectif, sa bo\u00eete \u00e0 outils, dont trois guides, son ouverture internationale et son site internet. D\u00e8s 18h Cocktail Inscription avant le 21 septembre 2026 R\u00e9servez votre place\u200b Places limit\u00e9es : deux personnes maximum par entreprise. Confirmez votre pr\u00e9sence pour recevoir votre acc\u00e8s.","og_url":"https:\/\/objectifneuroinclusion.org\/en\/ceremonie-24-septembre\/","og_site_name":"Objectif Neuroinclusion","article_modified_time":"2026-09-02T15:10:35+00:00","og_image":[{"url":"https:\/\/s.w.org\/images\/core\/emoji\/17.0.2\/svg\/1f553.svg","type":"","width":"","height":""}],"twitter_card":"summary_large_image","twitter_misc":{"Est. reading time":"5 minutes"},"schema":{"@context":"https:\/\/schema.org","@graph":[{"@type":"WebPage","@id":"https:\/\/objectifneuroinclusion.org\/ceremonie-24-septembre\/","url":"https:\/\/objectifneuroinclusion.org\/ceremonie-24-septembre\/","name":"C\u00e9r\u00e9monie du 24 septembre 2026 | Objectif Neuroinclusion","isPartOf":{"@id":"https:\/\/objectifneuroinclusion.org\/#website"},"primaryImageOfPage":{"@id":"https:\/\/objectifneuroinclusion.org\/ceremonie-24-septembre\/#primaryimage"},"image":{"@id":"https:\/\/objectifneuroinclusion.org\/ceremonie-24-septembre\/#primaryimage"},"thumbnailUrl":"https:\/\/s.w.org\/images\/core\/emoji\/17.0.2\/svg\/1f553.svg","datePublished":"2026-07-13T14:52:18+00:00","dateModified":"2026-09-02T15:10:35+00:00","breadcrumb":{"@id":"https:\/\/objectifneuroinclusion.org\/ceremonie-24-septembre\/#breadcrumb"},"inLanguage":"en-US","potentialAction":[{"@type":"ReadAction","target":["https:\/\/objectifneuroinclusion.org\/ceremonie-24-septembre\/"]}]},{"@type":"ImageObject","inLanguage":"en-US","@id":"https:\/\/objectifneuroinclusion.org\/ceremonie-24-septembre\/#primaryimage","url":"https:\/\/s.w.org\/images\/core\/emoji\/17.0.2\/svg\/1f553.svg","contentUrl":"https:\/\/s.w.org\/images\/core\/emoji\/17.0.2\/svg\/1f553.svg"},{"@type":"BreadcrumbList","@id":"https:\/\/objectifneuroinclusion.org\/ceremonie-24-septembre\/#breadcrumb","itemListElement":[{"@type":"ListItem","position":1,"name":"Home","item":"https:\/\/objectifneuroinclusion.org\/"},{"@type":"ListItem","position":2,"name":"C\u00e9r\u00e9monie du 24 septembre 2026"}]},{"@type":"WebSite","@id":"https:\/\/objectifneuroinclusion.org\/#website","url":"https:\/\/objectifneuroinclusion.org\/","name":"Neuroinclusion objective","description":"Different minds, shared success","publisher":{"@id":"https:\/\/objectifneuroinclusion.org\/#organization"},"potentialAction":[{"@type":"SearchAction","target":{"@type":"EntryPoint","urlTemplate":"https:\/\/objectifneuroinclusion.org\/?s={search_term_string}"},"query-input":{"@type":"PropertyValueSpecification","valueRequired":true,"valueName":"search_term_string"}}],"inLanguage":"en-US"},{"@type":"Organization","@id":"https:\/\/objectifneuroinclusion.org\/#organization","name":"Neuroinclusion objective","url":"https:\/\/objectifneuroinclusion.org\/","logo":{"@type":"ImageObject","inLanguage":"en-US","@id":"https:\/\/objectifneuroinclusion.org\/#\/schema\/logo\/image\/","url":"https:\/\/objectifneuroinclusion.org\/wp-content\/uploads\/2026\/01\/V0_BLANC_A_TRANSPARENT.webp","contentUrl":"https:\/\/objectifneuroinclusion.org\/wp-content\/uploads\/2026\/01\/V0_BLANC_A_TRANSPARENT.webp","width":1000,"height":196,"caption":"Objectif Neuroinclusion"},"image":{"@id":"https:\/\/objectifneuroinclusion.org\/#\/schema\/logo\/image\/"},"sameAs":["https:\/\/www.linkedin.com\/company\/objectif-neuroinclusion\/"]}]}},"mfb_rest_fields":["title","featured_image_url","post_author","assigned_categories","yoast_head","yoast_head_json","gutenberg_elementor_mode"],"_links":{"self":[{"href":"https:\/\/objectifneuroinclusion.org\/en\/wp-json\/wp\/v2\/pages\/7428","targetHints":{"allow":["GET"]}}],"collection":[{"href":"https:\/\/objectifneuroinclusion.org\/en\/wp-json\/wp\/v2\/pages"}],"about":[{"href":"https:\/\/objectifneuroinclusion.org\/en\/wp-json\/wp\/v2\/types\/page"}],"author":[{"embeddable":true,"href":"https:\/\/objectifneuroinclusion.org\/en\/wp-json\/wp\/v2\/users\/4"}],"replies":[{"embeddable":true,"href":"https:\/\/objectifneuroinclusion.org\/en\/wp-json\/wp\/v2\/comments?post=7428"}],"version-history":[{"count":108,"href":"https:\/\/objectifneuroinclusion.org\/en\/wp-json\/wp\/v2\/pages\/7428\/revisions"}],"predecessor-version":[{"id":7777,"href":"https:\/\/objectifneuroinclusion.org\/en\/wp-json\/wp\/v2\/pages\/7428\/revisions\/7777"}],"wp:attachment":[{"href":"https:\/\/objectifneuroinclusion.org\/en\/wp-json\/wp\/v2\/media?parent=7428"}],"curies":[{"name":"wp","href":"https:\/\/api.w.org\/{rel}","templated":true}]}}